{"id":2661,"date":"2022-09-06T17:00:36","date_gmt":"2022-09-06T15:00:36","guid":{"rendered":"https:\/\/www.tissagedesequanie.com\/?page_id=2661"},"modified":"2022-09-07T11:48:50","modified_gmt":"2022-09-07T09:48:50","slug":"actus","status":"publish","type":"page","link":"https:\/\/www.tissagedesequanie.com\/en\/actus\/","title":{"rendered":"Latest news"},"content":{"rendered":"<div data-elementor-type=\"wp-page\" data-elementor-id=\"2661\" class=\"elementor elementor-2661\" data-elementor-post-type=\"page\">\n\t\t\t\t\t\t<section class=\"elementor-section elementor-top-section elementor-element elementor-element-5cfbda5 elementor-section-boxed elementor-section-height-default elementor-section-height-default\" data-id=\"5cfbda5\" data-element_type=\"section\" data-e-type=\"section\" data-settings=\"{&quot;jet_parallax_layout_list&quot;:[]}\">\n\t\t\t\t\t\t<div class=\"elementor-container elementor-column-gap-default\">\n\t\t\t\t\t<div class=\"elementor-column elementor-col-100 elementor-top-column elementor-element elementor-element-a1adc7c\" data-id=\"a1adc7c\" data-element_type=\"column\" data-e-type=\"column\">\n\t\t\t<div class=\"elementor-widget-wrap elementor-element-populated\">\n\t\t\t\t\t\t<div class=\"elementor-element elementor-element-b983d08 elementor-widget elementor-widget-heading\" data-id=\"b983d08\" data-element_type=\"widget\" data-e-type=\"widget\" data-widget_type=\"heading.default\">\n\t\t\t\t<div class=\"elementor-widget-container\">\n\t\t\t\t\t<h2 class=\"elementor-heading-title elementor-size-default\">Latest news<\/h2>\t\t\t\t<\/div>\n\t\t\t\t<\/div>\n\t\t\t\t\t<\/div>\n\t\t<\/div>\n\t\t\t\t\t<\/div>\n\t\t<\/section>\n\t\t\t\t<section class=\"elementor-section elementor-top-section elementor-element elementor-element-8eda1b2 elementor-section-boxed elementor-section-height-default elementor-section-height-default\" data-id=\"8eda1b2\" data-element_type=\"section\" data-e-type=\"section\" data-settings=\"{&quot;jet_parallax_layout_list&quot;:[]}\">\n\t\t\t\t\t\t<div class=\"elementor-container elementor-column-gap-default\">\n\t\t\t\t\t<div class=\"elementor-column elementor-col-100 elementor-top-column elementor-element elementor-element-8fadf42\" data-id=\"8fadf42\" data-element_type=\"column\" data-e-type=\"column\">\n\t\t\t<div class=\"elementor-widget-wrap elementor-element-populated\">\n\t\t\t\t\t\t<div class=\"elementor-element elementor-element-969ad6f elementor-posts__hover-none elementor-grid-3 elementor-grid-tablet-2 elementor-grid-mobile-1 elementor-posts--thumbnail-top elementor-widget elementor-widget-posts\" data-id=\"969ad6f\" data-element_type=\"widget\" data-e-type=\"widget\" data-settings=\"{&quot;cards_row_gap&quot;:{&quot;unit&quot;:&quot;px&quot;,&quot;size&quot;:30,&quot;sizes&quot;:[]},&quot;pagination_type&quot;:&quot;numbers_and_prev_next&quot;,&quot;cards_columns&quot;:&quot;3&quot;,&quot;cards_columns_tablet&quot;:&quot;2&quot;,&quot;cards_columns_mobile&quot;:&quot;1&quot;,&quot;cards_row_gap_tablet&quot;:{&quot;unit&quot;:&quot;px&quot;,&quot;size&quot;:&quot;&quot;,&quot;sizes&quot;:[]},&quot;cards_row_gap_mobile&quot;:{&quot;unit&quot;:&quot;px&quot;,&quot;size&quot;:&quot;&quot;,&quot;sizes&quot;:[]}}\" data-widget_type=\"posts.cards\">\n\t\t\t\t<div class=\"elementor-widget-container\">\n\t\t\t\t\t\t\t<div class=\"elementor-posts-container elementor-posts elementor-posts--skin-cards elementor-grid\" role=\"list\">\n\t\t\t\t<article class=\"elementor-post elementor-grid-item post-2964 post type-post status-publish format-standard has-post-thumbnail hentry category-actu\" role=\"listitem\">\n\t\t\t<div class=\"elementor-post__card\">\n\t\t\t\t<a class=\"elementor-post__thumbnail__link\" href=\"https:\/\/www.tissagedesequanie.com\/en\/resonances-salon-europeen-des-metiers-dart\/\" tabindex=\"-1\" ><div class=\"elementor-post__thumbnail\"><img fetchpriority=\"high\" decoding=\"async\" width=\"300\" height=\"300\" src=\"https:\/\/www.tissagedesequanie.com\/wp-content\/uploads\/2023\/09\/Instagram_1080x1080px_RESO-2023_WEB-300x300.jpeg\" class=\"attachment-medium size-medium wp-image-2970\" alt=\"Affiche du salon R\u00e9sonances\" srcset=\"https:\/\/www.tissagedesequanie.com\/wp-content\/uploads\/2023\/09\/Instagram_1080x1080px_RESO-2023_WEB-300x300.jpeg 300w, https:\/\/www.tissagedesequanie.com\/wp-content\/uploads\/2023\/09\/Instagram_1080x1080px_RESO-2023_WEB-1024x1024.jpeg 1024w, https:\/\/www.tissagedesequanie.com\/wp-content\/uploads\/2023\/09\/Instagram_1080x1080px_RESO-2023_WEB-150x150.jpeg 150w, https:\/\/www.tissagedesequanie.com\/wp-content\/uploads\/2023\/09\/Instagram_1080x1080px_RESO-2023_WEB-768x768.jpeg 768w, https:\/\/www.tissagedesequanie.com\/wp-content\/uploads\/2023\/09\/Instagram_1080x1080px_RESO-2023_WEB-1536x1536.jpeg 1536w, https:\/\/www.tissagedesequanie.com\/wp-content\/uploads\/2023\/09\/Instagram_1080x1080px_RESO-2023_WEB-2048x2048.jpeg 2048w, https:\/\/www.tissagedesequanie.com\/wp-content\/uploads\/2023\/09\/Instagram_1080x1080px_RESO-2023_WEB-12x12.jpeg 12w\" sizes=\"(max-width: 300px) 100vw, 300px\" \/><\/div><\/a>\n\t\t\t\t<div class=\"elementor-post__text\">\n\t\t\t\t<h3 class=\"elementor-post__title\">\n\t\t\t<a href=\"https:\/\/www.tissagedesequanie.com\/en\/resonances-salon-europeen-des-metiers-dart\/\" >\n\t\t\t\tR\u00e9sonances &#8211; Salon Europ\u00e9en des m\u00e9tiers d\u2019art\t\t\t<\/a>\n\t\t<\/h3>\n\t\t\t\t<div class=\"elementor-post__excerpt\">\n\t\t\t<p>Du 10 au 13 novembre 2023, Tissage de S\u00e9quanie sera pr\u00e9sent \u00e0 R\u00e9sonances, le salon europ\u00e9en des m\u00e9tiers d\u2019art de<\/p>\n\t\t<\/div>\n\t\t\t\t<\/div>\n\t\t\t\t<div class=\"elementor-post__meta-data\">\n\t\t\t\t\t<span class=\"elementor-post-date\">\n\t\t\t25 September 2023\t\t<\/span>\n\t\t\t\t<\/div>\n\t\t\t\t\t<\/div>\n\t\t<\/article>\n\t\t\t\t<article class=\"elementor-post elementor-grid-item post-2936 post type-post status-publish format-standard has-post-thumbnail hentry category-actu\" role=\"listitem\">\n\t\t\t<div class=\"elementor-post__card\">\n\t\t\t\t<a class=\"elementor-post__thumbnail__link\" href=\"https:\/\/www.tissagedesequanie.com\/en\/paris-design-week-2023\/\" tabindex=\"-1\" ><div class=\"elementor-post__thumbnail\"><img decoding=\"async\" width=\"300\" height=\"300\" src=\"https:\/\/www.tissagedesequanie.com\/wp-content\/uploads\/2023\/07\/PDW-2023-AP-Modele-Carre-Exe-300x300.jpg\" class=\"attachment-medium size-medium wp-image-2940\" alt=\"Affiche paris design week 2023\" srcset=\"https:\/\/www.tissagedesequanie.com\/wp-content\/uploads\/2023\/07\/PDW-2023-AP-Modele-Carre-Exe-300x300.jpg 300w, https:\/\/www.tissagedesequanie.com\/wp-content\/uploads\/2023\/07\/PDW-2023-AP-Modele-Carre-Exe-1024x1024.jpg 1024w, https:\/\/www.tissagedesequanie.com\/wp-content\/uploads\/2023\/07\/PDW-2023-AP-Modele-Carre-Exe-150x150.jpg 150w, https:\/\/www.tissagedesequanie.com\/wp-content\/uploads\/2023\/07\/PDW-2023-AP-Modele-Carre-Exe-768x768.jpg 768w, https:\/\/www.tissagedesequanie.com\/wp-content\/uploads\/2023\/07\/PDW-2023-AP-Modele-Carre-Exe-1536x1536.jpg 1536w, https:\/\/www.tissagedesequanie.com\/wp-content\/uploads\/2023\/07\/PDW-2023-AP-Modele-Carre-Exe-12x12.jpg 12w, https:\/\/www.tissagedesequanie.com\/wp-content\/uploads\/2023\/07\/PDW-2023-AP-Modele-Carre-Exe.jpg 1772w\" sizes=\"(max-width: 300px) 100vw, 300px\" \/><\/div><\/a>\n\t\t\t\t<div class=\"elementor-post__text\">\n\t\t\t\t<h3 class=\"elementor-post__title\">\n\t\t\t<a href=\"https:\/\/www.tissagedesequanie.com\/en\/paris-design-week-2023\/\" >\n\t\t\t\tParis Design Week 2023\t\t\t<\/a>\n\t\t<\/h3>\n\t\t\t\t<div class=\"elementor-post__excerpt\">\n\t\t\t<p>Pour la deuxi\u00e8me ann\u00e9e cons\u00e9cutive, nous exposerons nos cr\u00e9ations dans la cadre de la Paris Design Week. Nous serons pr\u00e9sents<\/p>\n\t\t<\/div>\n\t\t\t\t<\/div>\n\t\t\t\t<div class=\"elementor-post__meta-data\">\n\t\t\t\t\t<span class=\"elementor-post-date\">\n\t\t\t28 July 2023\t\t<\/span>\n\t\t\t\t<\/div>\n\t\t\t\t\t<\/div>\n\t\t<\/article>\n\t\t\t\t<article class=\"elementor-post elementor-grid-item post-2805 post type-post status-publish format-standard has-post-thumbnail hentry category-actu\" role=\"listitem\">\n\t\t\t<div class=\"elementor-post__card\">\n\t\t\t\t<a class=\"elementor-post__thumbnail__link\" href=\"https:\/\/www.tissagedesequanie.com\/en\/pop-up-oh-my-laine\/\" tabindex=\"-1\" ><div class=\"elementor-post__thumbnail\"><img decoding=\"async\" width=\"300\" height=\"300\" src=\"https:\/\/www.tissagedesequanie.com\/wp-content\/uploads\/2022\/12\/98933942-F950-451C-A77A-34BEBA06C92B-300x300.jpeg\" class=\"attachment-medium size-medium wp-image-2806\" alt=\"\" srcset=\"https:\/\/www.tissagedesequanie.com\/wp-content\/uploads\/2022\/12\/98933942-F950-451C-A77A-34BEBA06C92B-300x300.jpeg 300w, https:\/\/www.tissagedesequanie.com\/wp-content\/uploads\/2022\/12\/98933942-F950-451C-A77A-34BEBA06C92B-1024x1024.jpeg 1024w, https:\/\/www.tissagedesequanie.com\/wp-content\/uploads\/2022\/12\/98933942-F950-451C-A77A-34BEBA06C92B-150x150.jpeg 150w, https:\/\/www.tissagedesequanie.com\/wp-content\/uploads\/2022\/12\/98933942-F950-451C-A77A-34BEBA06C92B-768x768.jpeg 768w, https:\/\/www.tissagedesequanie.com\/wp-content\/uploads\/2022\/12\/98933942-F950-451C-A77A-34BEBA06C92B-1536x1536.jpeg 1536w, https:\/\/www.tissagedesequanie.com\/wp-content\/uploads\/2022\/12\/98933942-F950-451C-A77A-34BEBA06C92B-12x12.jpeg 12w, https:\/\/www.tissagedesequanie.com\/wp-content\/uploads\/2022\/12\/98933942-F950-451C-A77A-34BEBA06C92B.jpeg 1600w\" sizes=\"(max-width: 300px) 100vw, 300px\" \/><\/div><\/a>\n\t\t\t\t<div class=\"elementor-post__text\">\n\t\t\t\t<h3 class=\"elementor-post__title\">\n\t\t\t<a href=\"https:\/\/www.tissagedesequanie.com\/en\/pop-up-oh-my-laine\/\" >\n\t\t\t\tPop up Oh My Laine !\t\t\t<\/a>\n\t\t<\/h3>\n\t\t\t\t<div class=\"elementor-post__excerpt\">\n\t\t\t<p>Nous sommes de retour \u00e0 Paris pour un pop up store d\u00e9di\u00e9 \u00e0 la laine. Vous y retrouverez nos plaids<\/p>\n\t\t<\/div>\n\t\t\t\t<\/div>\n\t\t\t\t<div class=\"elementor-post__meta-data\">\n\t\t\t\t\t<span class=\"elementor-post-date\">\n\t\t\t2 December 2022\t\t<\/span>\n\t\t\t\t<\/div>\n\t\t\t\t\t<\/div>\n\t\t<\/article>\n\t\t\t\t<article class=\"elementor-post elementor-grid-item post-2190 post type-post status-publish format-standard has-post-thumbnail hentry category-actu\" role=\"listitem\">\n\t\t\t<div class=\"elementor-post__card\">\n\t\t\t\t<a class=\"elementor-post__thumbnail__link\" href=\"https:\/\/www.tissagedesequanie.com\/en\/paris-design-week-2022\/\" tabindex=\"-1\" ><div class=\"elementor-post__thumbnail\"><img loading=\"lazy\" decoding=\"async\" width=\"300\" height=\"300\" src=\"https:\/\/www.tissagedesequanie.com\/wp-content\/uploads\/2022\/09\/PDW-2022-AP-Modele-Carre-300x300.jpg\" class=\"attachment-medium size-medium wp-image-2194\" alt=\"Affiche Paris design week 2022\" srcset=\"https:\/\/www.tissagedesequanie.com\/wp-content\/uploads\/2022\/09\/PDW-2022-AP-Modele-Carre-300x300.jpg 300w, https:\/\/www.tissagedesequanie.com\/wp-content\/uploads\/2022\/09\/PDW-2022-AP-Modele-Carre-1024x1024.jpg 1024w, https:\/\/www.tissagedesequanie.com\/wp-content\/uploads\/2022\/09\/PDW-2022-AP-Modele-Carre-150x150.jpg 150w, https:\/\/www.tissagedesequanie.com\/wp-content\/uploads\/2022\/09\/PDW-2022-AP-Modele-Carre-768x768.jpg 768w, https:\/\/www.tissagedesequanie.com\/wp-content\/uploads\/2022\/09\/PDW-2022-AP-Modele-Carre-1536x1536.jpg 1536w, https:\/\/www.tissagedesequanie.com\/wp-content\/uploads\/2022\/09\/PDW-2022-AP-Modele-Carre.jpg 1772w\" sizes=\"(max-width: 300px) 100vw, 300px\" \/><\/div><\/a>\n\t\t\t\t<div class=\"elementor-post__text\">\n\t\t\t\t<h3 class=\"elementor-post__title\">\n\t\t\t<a href=\"https:\/\/www.tissagedesequanie.com\/en\/paris-design-week-2022\/\" >\n\t\t\t\tParis Design Week 2022\t\t\t<\/a>\n\t\t<\/h3>\n\t\t\t\t<div class=\"elementor-post__excerpt\">\n\t\t\t<p>Du 7 au 17 Septembre 2022, d\u00e9couvrez quatre de nos derni\u00e8res cr\u00e9ations expos\u00e9es au showroom OH MY LAINE ! organis\u00e9<\/p>\n\t\t<\/div>\n\t\t\t\t<\/div>\n\t\t\t\t<div class=\"elementor-post__meta-data\">\n\t\t\t\t\t<span class=\"elementor-post-date\">\n\t\t\t4 September 2022\t\t<\/span>\n\t\t\t\t<\/div>\n\t\t\t\t\t<\/div>\n\t\t<\/article>\n\t\t\t\t<\/div>\n\t\t\n\t\t\t\t\t\t<\/div>\n\t\t\t\t<\/div>\n\t\t\t\t\t<\/div>\n\t\t<\/div>\n\t\t\t\t\t<\/div>\n\t\t<\/section>\n\t\t\t\t<\/div>","protected":false},"excerpt":{"rendered":"","protected":false},"author":1,"featured_media":0,"parent":0,"menu_order":0,"comment_status":"closed","ping_status":"closed","template":"","meta":{"_seopress_robots_primary_cat":"","_seopress_titles_title":"","_seopress_titles_desc":"","_seopress_robots_index":"","footnotes":""},"class_list":["post-2661","page","type-page","status-publish","hentry"],"_links":{"self":[{"href":"https:\/\/www.tissagedesequanie.com\/en\/wp-json\/wp\/v2\/pages\/2661","targetHints":{"allow":["GET"]}}],"collection":[{"href":"https:\/\/www.tissagedesequanie.com\/en\/wp-json\/wp\/v2\/pages"}],"about":[{"href":"https:\/\/www.tissagedesequanie.com\/en\/wp-json\/wp\/v2\/types\/page"}],"author":[{"embeddable":true,"href":"https:\/\/www.tissagedesequanie.com\/en\/wp-json\/wp\/v2\/users\/1"}],"replies":[{"embeddable":true,"href":"https:\/\/www.tissagedesequanie.com\/en\/wp-json\/wp\/v2\/comments?post=2661"}],"version-history":[{"count":0,"href":"https:\/\/www.tissagedesequanie.com\/en\/wp-json\/wp\/v2\/pages\/2661\/revisions"}],"wp:attachment":[{"href":"https:\/\/www.tissagedesequanie.com\/en\/wp-json\/wp\/v2\/media?parent=2661"}],"curies":[{"name":"wp","href":"https:\/\/api.w.org\/{rel}","templated":true}]}}